{"id":216340,"date":"2022-08-18T10:11:40","date_gmt":"2022-08-18T08:11:40","guid":{"rendered":"https:\/\/ruefliag.ch\/mentions-legales\/"},"modified":"2022-08-18T10:17:45","modified_gmt":"2022-08-18T08:17:45","slug":"mentions-legales","status":"publish","type":"page","link":"https:\/\/ruefliag.ch\/fr\/mentions-legales\/","title":{"rendered":"Mentions l\u00e9gales"},"content":{"rendered":"<p>[et_pb_section fb_built=\u00a0\u00bb1&Prime; custom_padding_last_edited=\u00a0\u00bbon|phone\u00a0\u00bb _builder_version=\u00a0\u00bb4.9.4&Prime; use_background_color_gradient=\u00a0\u00bbon\u00a0\u00bb background_color_gradient_start=\u00a0\u00bbrgba(0,112,186,0.8)\u00a0\u00bb background_color_gradient_end=\u00a0\u00bbrgba(0,112,186,0.8)\u00a0\u00bb background_color_gradient_overlays_image=\u00a0\u00bbon\u00a0\u00bb background_image=\u00a0\u00bbhttps:\/\/ruefliag.ch\/wp-content\/uploads\/header.jpg\u00a0\u00bb custom_padding=\u00a0\u00bb204px||0px||false|false\u00a0\u00bb custom_padding_tablet=\u00a0\u00bb170.5px||||false|false\u00a0\u00bb custom_padding_phone=\u00a0\u00bb\u00a0\u00bb global_colors_info=\u00a0\u00bb{}\u00a0\u00bb][et_pb_row use_custom_gutter=\u00a0\u00bbon\u00a0\u00bb gutter_width=\u00a0\u00bb2&Prime; make_equal=\u00a0\u00bbon\u00a0\u00bb custom_padding_last_edited=\u00a0\u00bbon|phone\u00a0\u00bb _builder_version=\u00a0\u00bb4.9.0&Prime; width=\u00a0\u00bb90%\u00a0\u00bb width_tablet=\u00a0\u00bb90%\u00a0\u00bb width_phone=\u00a0\u00bb90%\u00a0\u00bb width_last_edited=\u00a0\u00bbon|phone\u00a0\u00bb max_width=\u00a0\u00bb1170px\u00a0\u00bb max_width_tablet=\u00a0\u00bb90%\u00a0\u00bb max_width_phone=\u00a0\u00bb90%\u00a0\u00bb max_width_last_edited=\u00a0\u00bbon|tablet\u00a0\u00bb custom_padding=\u00a0\u00bb140px||140px||true|false\u00a0\u00bb custom_padding_tablet=\u00a0\u00bb100px||100px||true|false\u00a0\u00bb custom_padding_phone=\u00a0\u00bb60px||60px||true|false\u00a0\u00bb global_colors_info=\u00a0\u00bb{}\u00a0\u00bb][et_pb_column type=\u00a0\u00bb4_4&Prime; _builder_version=\u00a0\u00bb3.27.4&Prime; global_colors_info=\u00a0\u00bb{}\u00a0\u00bb][et_pb_text _builder_version=\u00a0\u00bb4.14.1&Prime; header_font=\u00a0\u00bb|700|||||||\u00a0\u00bb header_text_align=\u00a0\u00bbcenter\u00a0\u00bb header_text_color=\u00a0\u00bb#ffffff\u00a0\u00bb header_font_size=\u00a0\u00bb60px\u00a0\u00bb header_line_height=\u00a0\u00bb1.4em\u00a0\u00bb header_2_font=\u00a0\u00bb|300|||||||\u00a0\u00bb header_2_text_align=\u00a0\u00bbcenter\u00a0\u00bb header_2_text_color=\u00a0\u00bb#FFFFFF\u00a0\u00bb header_2_font_size=\u00a0\u00bb38px\u00a0\u00bb header_2_line_height=\u00a0\u00bb1.4em\u00a0\u00bb custom_margin=\u00a0\u00bb||||false|false\u00a0\u00bb animation_style=\u00a0\u00bbslide\u00a0\u00bb animation_delay=\u00a0\u00bb200ms\u00a0\u00bb header_font_size_tablet=\u00a0\u00bb45px\u00a0\u00bb header_font_size_phone=\u00a0\u00bb30px\u00a0\u00bb header_font_size_last_edited=\u00a0\u00bbon|desktop\u00a0\u00bb header_2_font_size_tablet=\u00a0\u00bb30px\u00a0\u00bb header_2_font_size_phone=\u00a0\u00bb22px\u00a0\u00bb header_2_font_size_last_edited=\u00a0\u00bbon|phone\u00a0\u00bb global_colors_info=\u00a0\u00bb{}\u00a0\u00bb]<\/p>\n<h1>Mentions l\u00e9gales<\/h1>\n<h2>Informations juridiques<\/h2>\n<p>[\/et_pb_text][\/et_pb_column][\/et_pb_row][\/et_pb_section][et_pb_section fb_built=\u00a0\u00bb1&Prime; custom_padding_last_edited=\u00a0\u00bbon|phone\u00a0\u00bb module_id=\u00a0\u00bbcontenu\u00a0\u00bb _builder_version=\u00a0\u00bb4.9.1&Prime; custom_padding=\u00a0\u00bb140px||140px||true|false\u00a0\u00bb custom_padding_tablet=\u00a0\u00bb100px||100px||true|false\u00a0\u00bb custom_padding_phone=\u00a0\u00bb60px||60px||true|false\u00a0\u00bb global_colors_info=\u00a0\u00bb{}\u00a0\u00bb][et_pb_row _builder_version=\u00a0\u00bb4.14.1&Prime; _module_preset=\u00a0\u00bbdefault\u00a0\u00bb custom_padding=\u00a0\u00bb0px||0px|||\u00a0\u00bb global_colors_info=\u00a0\u00bb{}\u00a0\u00bb][et_pb_column type=\u00a0\u00bb4_4&Prime; _builder_version=\u00a0\u00bb4.14.1&Prime; _module_preset=\u00a0\u00bbdefault\u00a0\u00bb global_colors_info=\u00a0\u00bb{}\u00a0\u00bb][et_pb_text _builder_version=\u00a0\u00bb4.14.1&Prime; _module_preset=\u00a0\u00bbdefault\u00a0\u00bb text_font_size=\u00a0\u00bb18px\u00a0\u00bb header_3_font=\u00a0\u00bb|700|||||||\u00a0\u00bb header_3_text_color=\u00a0\u00bb#0070BA\u00a0\u00bb header_3_font_size=\u00a0\u00bb38px\u00a0\u00bb header_3_font_size_tablet=\u00a0\u00bb32px\u00a0\u00bb header_3_font_size_phone=\u00a0\u00bb26px\u00a0\u00bb header_3_font_size_last_edited=\u00a0\u00bbon|desktop\u00a0\u00bb global_colors_info=\u00a0\u00bb{}\u00a0\u00bb]<\/p>\n<h3>Adresse de contact<\/h3>\n<p>Ruefli SA<br \/>Chemin du Long-Champ 25<br \/>2504 Bienne<\/p>\n<p>T\u00e9l\u00e9phone : <a href=\"tel:+41323449999\">032 344 99 99<br \/><\/a>Mail : <a href=\"mailto:info@ruefliag.ch\">info@ruefliag.ch<\/a><\/p>\n<p>&nbsp;<\/p>\n<h3>Clause de non-responsabilit\u00e9<\/h3>\n<p>L&rsquo;auteur n&rsquo;assume aucune responsabilit\u00e9 quant \u00e0 la v\u00e9racit\u00e9, l&rsquo;exactitude, l&rsquo;actualit\u00e9, la fiabilit\u00e9 et l&rsquo;exhaustivit\u00e9 du contenu des informations. L&rsquo;auteur ne saurait \u00eatre tenu pour responsable des dommages mat\u00e9riels ou immat\u00e9riels qui pourraient \u00eatre caus\u00e9s par l&rsquo;acc\u00e8s aux informations diffus\u00e9es ou par leur utilisation ou non-utilisation, par le mauvais usage de la connexion ou par des probl\u00e8mes techniques. Toutes les offres sont sans engagement. L&rsquo;auteur se r\u00e9serve express\u00e9ment le droit de modifier, de compl\u00e9ter ou de supprimer des parties de pages ou l&rsquo;ensemble de l&rsquo;offre sans avis pr\u00e9alable, ou d&rsquo;en suspendre temporairement ou d\u00e9finitivement la publication.<\/p>\n<p>&nbsp;<\/p>\n<h3>Responsabilit\u00e9 pour les liens<\/h3>\n<p>Les renvois et liens vers des sites web de tiers ne rel\u00e8vent pas de notre responsabilit\u00e9. Nous d\u00e9clinons toute responsabilit\u00e9 pour de tels sites web. L&rsquo;acc\u00e8s \u00e0 de tels sites et leur utilisation se font aux risques et p\u00e9rils de l&rsquo;utilisateur ou de l&rsquo;utilisatrice.<\/p>\n<p>&nbsp;<\/p>\n<h3>Droits d&rsquo;auteur<\/h3>\n<p>Les droits d&rsquo;auteur et tous les autres droits li\u00e9s aux contenus, images, photos ou autres fichiers pr\u00e9sents sur le site web appartiennent exclusivement \u00e0 l&rsquo;entreprise Ruefli AG ou aux titulaires de droits sp\u00e9cialement cit\u00e9s. Pour la reproduction de tout \u00e9l\u00e9ment, l&rsquo;accord \u00e9crit des d\u00e9tenteurs des droits d&rsquo;auteur doit \u00eatre obtenu au pr\u00e9alable.<\/p>\n<p>[\/et_pb_text][\/et_pb_column][\/et_pb_row][\/et_pb_section][et_pb_section fb_built=\u00a0\u00bb1&Prime; custom_padding_last_edited=\u00a0\u00bbon|phone\u00a0\u00bb disabled_on=\u00a0\u00bboff|off|off\u00a0\u00bb _builder_version=\u00a0\u00bb4.9.0&Prime; background_color=\u00a0\u00bb#0070BA\u00a0\u00bb custom_padding=\u00a0\u00bb70px||70px||true|false\u00a0\u00bb custom_padding_tablet=\u00a0\u00bb60px||60px||true|false\u00a0\u00bb custom_padding_phone=\u00a0\u00bb60px||60px||true|false\u00a0\u00bb saved_tabs=\u00a0\u00bball\u00a0\u00bb global_colors_info=\u00a0\u00bb{}\u00a0\u00bb global_module=\u00a0\u00bb216347&Prime; theme_builder_area=\u00a0\u00bbpost_content\u00a0\u00bb][et_pb_row column_structure=\u00a0\u00bb2_3,1_3&Prime; use_custom_gutter=\u00a0\u00bbon\u00a0\u00bb gutter_width=\u00a0\u00bb2&Prime; make_equal=\u00a0\u00bbon\u00a0\u00bb _builder_version=\u00a0\u00bb4.9.0&Prime; width=\u00a0\u00bb90%\u00a0\u00bb width_tablet=\u00a0\u00bb90%\u00a0\u00bb width_phone=\u00a0\u00bb90%\u00a0\u00bb width_last_edited=\u00a0\u00bbon|phone\u00a0\u00bb max_width=\u00a0\u00bb1170px\u00a0\u00bb max_width_tablet=\u00a0\u00bb90%\u00a0\u00bb max_width_phone=\u00a0\u00bb90%\u00a0\u00bb max_width_last_edited=\u00a0\u00bbon|tablet\u00a0\u00bb custom_padding=\u00a0\u00bb0px||0px||false|false\u00a0\u00bb global_colors_info=\u00a0\u00bb{}\u00a0\u00bb theme_builder_area=\u00a0\u00bbpost_content\u00a0\u00bb][et_pb_column type=\u00a0\u00bb2_3&Prime; _builder_version=\u00a0\u00bb4.9.0&Prime; custom_padding=\u00a0\u00bb0px||0px||false|false\u00a0\u00bb global_colors_info=\u00a0\u00bb{}\u00a0\u00bb theme_builder_area=\u00a0\u00bbpost_content\u00a0\u00bb][et_pb_blurb use_icon=\u00a0\u00bbon\u00a0\u00bb font_icon=\u00a0\u00bb&#x77;||divi||400&Prime; icon_color=\u00a0\u00bb#FFFFFF\u00a0\u00bb icon_placement=\u00a0\u00bbleft\u00a0\u00bb image_icon_width=\u00a0\u00bb30px\u00a0\u00bb content_max_width=\u00a0\u00bb100%\u00a0\u00bb image_icon_width_tablet=\u00a0\u00bb26px\u00a0\u00bb image_icon_width_phone=\u00a0\u00bb30px\u00a0\u00bb image_icon_width_last_edited=\u00a0\u00bboff|desktop\u00a0\u00bb content_last_edited=\u00a0\u00bboff|desktop\u00a0\u00bb _builder_version=\u00a0\u00bb4.13.0&Prime; header_level=\u00a0\u00bbh1&Prime; header_font=\u00a0\u00bbRoboto||||||||\u00a0\u00bb header_text_color=\u00a0\u00bb#FFFFFF\u00a0\u00bb header_font_size=\u00a0\u00bb30px\u00a0\u00bb header_line_height=\u00a0\u00bb1.9em\u00a0\u00bb body_text_color=\u00a0\u00bb#FFFFFF\u00a0\u00bb body_font_size=\u00a0\u00bb30px\u00a0\u00bb custom_margin=\u00a0\u00bb0px||0px||false|false\u00a0\u00bb custom_padding=\u00a0\u00bb15px||15px||true|false\u00a0\u00bb custom_padding_tablet=\u00a0\u00bb0px||0px||true|false\u00a0\u00bb custom_padding_phone=\u00a0\u00bb\u00a0\u00bb custom_padding_last_edited=\u00a0\u00bbon|tablet\u00a0\u00bb animation=\u00a0\u00bboff\u00a0\u00bb header_font_size_tablet=\u00a0\u00bb24px\u00a0\u00bb header_font_size_phone=\u00a0\u00bb22px\u00a0\u00bb header_font_size_last_edited=\u00a0\u00bbon|phone\u00a0\u00bb header_line_height_tablet=\u00a0\u00bb2.6em\u00a0\u00bb header_line_height_phone=\u00a0\u00bb1.4em\u00a0\u00bb header_line_height_last_edited=\u00a0\u00bbon|phone\u00a0\u00bb body_font_size_tablet=\u00a0\u00bb26px\u00a0\u00bb body_font_size_phone=\u00a0\u00bb22px\u00a0\u00bb body_font_size_last_edited=\u00a0\u00bbon|phone\u00a0\u00bb custom_css_blurb_title=\u00a0\u00bbdisplay: none !important;\u00a0\u00bb icon_font_size=\u00a0\u00bb30px\u00a0\u00bb image_max_width_tablet=\u00a0\u00bb\u00a0\u00bb icon_font_size_tablet=\u00a0\u00bb26px\u00a0\u00bb image_max_width_phone=\u00a0\u00bb40px\u00a0\u00bb icon_font_size_phone=\u00a0\u00bb30px\u00a0\u00bb image_max_width_last_edited=\u00a0\u00bbon|phone\u00a0\u00bb icon_font_size_last_edited=\u00a0\u00bboff|desktop\u00a0\u00bb global_colors_info=\u00a0\u00bb{}\u00a0\u00bb theme_builder_area=\u00a0\u00bbpost_content\u00a0\u00bb]<\/p>\n<p>Int\u00e9ress\u00e9(e) ? Contactez-nous !<\/p>\n<p>[\/et_pb_blurb][\/et_pb_column][et_pb_column type=\u00a0\u00bb1_3&Prime; _builder_version=\u00a0\u00bb4.9.0&Prime; custom_padding=\u00a0\u00bb0px||0px||false|false\u00a0\u00bb global_colors_info=\u00a0\u00bb{}\u00a0\u00bb theme_builder_area=\u00a0\u00bbpost_content\u00a0\u00bb][et_pb_button button_url=\u00a0\u00bb@ET-DC@eyJkeW5hbWljIjp0cnVlLCJjb250ZW50IjoicG9zdF9saW5rX3VybF9wYWdlIiwic2V0dGluZ3MiOnsicG9zdF9pZCI6IjEzNiJ9fQ==@\u00a0\u00bb button_text=\u00a0\u00bbContactez-nous maintenant !\u00a0\u00bb button_alignment=\u00a0\u00bbright\u00a0\u00bb button_alignment_tablet=\u00a0\u00bbleft\u00a0\u00bb button_alignment_phone=\u00a0\u00bb\u00a0\u00bb button_alignment_last_edited=\u00a0\u00bbon|phone\u00a0\u00bb _builder_version=\u00a0\u00bb4.9.0&Prime; _dynamic_attributes=\u00a0\u00bbbutton_url\u00a0\u00bb custom_button=\u00a0\u00bbon\u00a0\u00bb button_text_size=\u00a0\u00bb14px\u00a0\u00bb button_text_color=\u00a0\u00bb#0070BA\u00a0\u00bb button_bg_color=\u00a0\u00bb#FFFFFF\u00a0\u00bb button_border_width=\u00a0\u00bb0px\u00a0\u00bb button_border_radius=\u00a0\u00bb0px\u00a0\u00bb button_font=\u00a0\u00bbRoboto||||||||\u00a0\u00bb custom_margin=\u00a0\u00bb0px||0px||false|false\u00a0\u00bb custom_padding=\u00a0\u00bb20px|45px|20px|45px|true|true\u00a0\u00bb animation_style=\u00a0\u00bbslide\u00a0\u00bb animation_direction=\u00a0\u00bbbottom\u00a0\u00bb animation_delay=\u00a0\u00bb350ms\u00a0\u00bb global_colors_info=\u00a0\u00bb{}\u00a0\u00bb button_text_size__hover_enabled=\u00a0\u00bboff|desktop\u00a0\u00bb button_text_color__hover_enabled=\u00a0\u00bboff|desktop\u00a0\u00bb button_text_color__hover=\u00a0\u00bb#ffffff\u00a0\u00bb button_bg_color__hover_enabled=\u00a0\u00bboff|desktop\u00a0\u00bb button_bg_color__hover=\u00a0\u00bb#0fb0ee\u00a0\u00bb button_bg_enable_color__hover=\u00a0\u00bbon\u00a0\u00bb button_border_color__hover_enabled=\u00a0\u00bboff|desktop\u00a0\u00bb button_border_color__hover=\u00a0\u00bb#0fb0ee\u00a0\u00bb button_letter_spacing__hover_enabled=\u00a0\u00bboff|desktop\u00a0\u00bb button_letter_spacing__hover=\u00a0\u00bb0px\u00a0\u00bb custom_padding__hover_enabled=\u00a0\u00bbon|desktop\u00a0\u00bb custom_padding__hover=\u00a0\u00bb|55px||45px|true|false\u00a0\u00bb theme_builder_area=\u00a0\u00bbpost_content\u00a0\u00bb][\/et_pb_button][\/et_pb_column][\/et_pb_row][\/et_pb_section]<\/p>\n","protected":false},"excerpt":{"rendered":"<p>Mentions l\u00e9gales Informations juridiquesAdresse de contact Ruefli SAChemin du Long-Champ 252504 Bienne T\u00e9l\u00e9phone : 032 344 99 99Mail : info@ruefliag.ch &nbsp; Clause de non-responsabilit\u00e9 L&rsquo;auteur n&rsquo;assume aucune responsabilit\u00e9 quant \u00e0 la v\u00e9racit\u00e9, l&rsquo;exactitude, l&rsquo;actualit\u00e9, la fiabilit\u00e9 et l&rsquo;exhaustivit\u00e9 du contenu des informations. L&rsquo;auteur ne saurait \u00eatre tenu pour responsable des dommages mat\u00e9riels ou immat\u00e9riels qui pourraient \u00eatre caus\u00e9s par l&rsquo;acc\u00e8s aux informations diffus\u00e9es ou par leur utilisation ou non-utilisation, par le mauvais usage de la connexion ou par des probl\u00e8mes techniques. Toutes les offres sont sans engagement. L&rsquo;auteur se r\u00e9serve express\u00e9ment le droit de modifier, de compl\u00e9ter ou de supprimer des parties de pages ou l&rsquo;ensemble de l&rsquo;offre sans avis pr\u00e9alable, ou d&rsquo;en suspendre temporairement ou d\u00e9finitivement la publication. &nbsp; Responsabilit\u00e9 pour les liens Les renvois et liens vers des sites web de tiers ne rel\u00e8vent pas de notre responsabilit\u00e9. Nous d\u00e9clinons toute responsabilit\u00e9 pour de tels sites web. L&rsquo;acc\u00e8s \u00e0 de tels sites et leur utilisation se font aux risques et p\u00e9rils de l&rsquo;utilisateur ou de l&rsquo;utilisatrice. &nbsp; Droits d&rsquo;auteur Les droits d&rsquo;auteur et tous les autres droits li\u00e9s aux contenus, images, photos ou autres fichiers pr\u00e9sents sur le site web appartiennent exclusivement \u00e0 l&rsquo;entreprise Ruefli AG ou aux [&hellip;]<\/p>\n","protected":false},"author":1,"featured_media":0,"parent":0,"menu_order":0,"comment_status":"closed","ping_status":"closed","template":"","meta":{"_et_pb_use_builder":"on","_et_pb_old_content":"","_et_gb_content_width":"","_vp_format_video_url":"","_vp_image_focal_point":[],"footnotes":""},"class_list":["post-216340","page","type-page","status-publish","hentry"],"yoast_head":"<!-- This site is optimized with the Yoast SEO plugin v25.5 - https:\/\/yoast.com\/wordpress\/plugins\/seo\/ -->\n<title>Mentions l\u00e9gales &#8211; Ruefli AG<\/title>\n<meta name=\"description\" content=\"Vous trouverez ici le Mentions l\u00e9gales de Ruefli AG. N&#039;h\u00e9sitez pas \u00e0 nous contacter pour toute question ou information compl\u00e9mentaire !\" \/>\n<meta name=\"robots\" content=\"index, follow, max-snippet:-1, max-image-preview:large, max-video-preview:-1\" \/>\n<link rel=\"canonical\" href=\"https:\/\/ruefliag.ch\/fr\/mentions-legales\/\" \/>\n<meta property=\"og:locale\" content=\"fr_FR\" \/>\n<meta property=\"og:type\" content=\"article\" \/>\n<meta property=\"og:title\" content=\"Mentions l\u00e9gales &#8211; Ruefli AG\" \/>\n<meta property=\"og:description\" content=\"Vous trouverez ici le Mentions l\u00e9gales de Ruefli AG. N&#039;h\u00e9sitez pas \u00e0 nous contacter pour toute question ou information compl\u00e9mentaire !\" \/>\n<meta property=\"og:url\" content=\"https:\/\/ruefliag.ch\/fr\/mentions-legales\/\" \/>\n<meta property=\"og:site_name\" content=\"Ruefli AG\" \/>\n<meta property=\"article:modified_time\" content=\"2022-08-18T08:17:45+00:00\" \/>\n<meta name=\"twitter:card\" content=\"summary_large_image\" \/>\n<meta name=\"twitter:label1\" content=\"Dur\u00e9e de lecture estim\u00e9e\" \/>\n\t<meta name=\"twitter:data1\" content=\"6 minutes\" \/>\n<script type=\"application\/ld+json\" class=\"yoast-schema-graph\">{\"@context\":\"https:\/\/schema.org\",\"@graph\":[{\"@type\":\"WebPage\",\"@id\":\"https:\/\/ruefliag.ch\/fr\/mentions-legales\/\",\"url\":\"https:\/\/ruefliag.ch\/fr\/mentions-legales\/\",\"name\":\"Mentions l\u00e9gales &#8211; Ruefli AG\",\"isPartOf\":{\"@id\":\"https:\/\/ruefliag.ch\/fr\/#website\"},\"datePublished\":\"2022-08-18T08:11:40+00:00\",\"dateModified\":\"2022-08-18T08:17:45+00:00\",\"description\":\"Vous trouverez ici le Mentions l\u00e9gales de Ruefli AG. N'h\u00e9sitez pas \u00e0 nous contacter pour toute question ou information compl\u00e9mentaire !\",\"breadcrumb\":{\"@id\":\"https:\/\/ruefliag.ch\/fr\/mentions-legales\/#breadcrumb\"},\"inLanguage\":\"fr-FR\",\"potentialAction\":[{\"@type\":\"ReadAction\",\"target\":[\"https:\/\/ruefliag.ch\/fr\/mentions-legales\/\"]}]},{\"@type\":\"BreadcrumbList\",\"@id\":\"https:\/\/ruefliag.ch\/fr\/mentions-legales\/#breadcrumb\",\"itemListElement\":[{\"@type\":\"ListItem\",\"position\":1,\"name\":\"Startseite\",\"item\":\"https:\/\/ruefliag.ch\/fr\/\"},{\"@type\":\"ListItem\",\"position\":2,\"name\":\"Mentions l\u00e9gales\"}]},{\"@type\":\"WebSite\",\"@id\":\"https:\/\/ruefliag.ch\/fr\/#website\",\"url\":\"https:\/\/ruefliag.ch\/fr\/\",\"name\":\"Ruefli AG\",\"description\":\"Ihr Klimaanlagenanbieter in Biel\",\"publisher\":{\"@id\":\"https:\/\/ruefliag.ch\/fr\/#organization\"},\"potentialAction\":[{\"@type\":\"SearchAction\",\"target\":{\"@type\":\"EntryPoint\",\"urlTemplate\":\"https:\/\/ruefliag.ch\/fr\/?s={search_term_string}\"},\"query-input\":{\"@type\":\"PropertyValueSpecification\",\"valueRequired\":true,\"valueName\":\"search_term_string\"}}],\"inLanguage\":\"fr-FR\"},{\"@type\":\"Organization\",\"@id\":\"https:\/\/ruefliag.ch\/fr\/#organization\",\"name\":\"Ruefli AG\/SA\",\"url\":\"https:\/\/ruefliag.ch\/fr\/\",\"logo\":{\"@type\":\"ImageObject\",\"inLanguage\":\"fr-FR\",\"@id\":\"https:\/\/ruefliag.ch\/fr\/#\/schema\/logo\/image\/\",\"url\":\"https:\/\/ruefliag.ch\/wp-content\/uploads\/logo.jpg\",\"contentUrl\":\"https:\/\/ruefliag.ch\/wp-content\/uploads\/logo.jpg\",\"width\":1262,\"height\":330,\"caption\":\"Ruefli AG\/SA\"},\"image\":{\"@id\":\"https:\/\/ruefliag.ch\/fr\/#\/schema\/logo\/image\/\"}}]}<\/script>\n<!-- \/ Yoast SEO plugin. -->","yoast_head_json":{"title":"Mentions l\u00e9gales &#8211; Ruefli AG","description":"Vous trouverez ici le Mentions l\u00e9gales de Ruefli AG. N'h\u00e9sitez pas \u00e0 nous contacter pour toute question ou information compl\u00e9mentaire !","robots":{"index":"index","follow":"follow","max-snippet":"max-snippet:-1","max-image-preview":"max-image-preview:large","max-video-preview":"max-video-preview:-1"},"canonical":"https:\/\/ruefliag.ch\/fr\/mentions-legales\/","og_locale":"fr_FR","og_type":"article","og_title":"Mentions l\u00e9gales &#8211; Ruefli AG","og_description":"Vous trouverez ici le Mentions l\u00e9gales de Ruefli AG. N'h\u00e9sitez pas \u00e0 nous contacter pour toute question ou information compl\u00e9mentaire !","og_url":"https:\/\/ruefliag.ch\/fr\/mentions-legales\/","og_site_name":"Ruefli AG","article_modified_time":"2022-08-18T08:17:45+00:00","twitter_card":"summary_large_image","twitter_misc":{"Dur\u00e9e de lecture estim\u00e9e":"6 minutes"},"schema":{"@context":"https:\/\/schema.org","@graph":[{"@type":"WebPage","@id":"https:\/\/ruefliag.ch\/fr\/mentions-legales\/","url":"https:\/\/ruefliag.ch\/fr\/mentions-legales\/","name":"Mentions l\u00e9gales &#8211; Ruefli AG","isPartOf":{"@id":"https:\/\/ruefliag.ch\/fr\/#website"},"datePublished":"2022-08-18T08:11:40+00:00","dateModified":"2022-08-18T08:17:45+00:00","description":"Vous trouverez ici le Mentions l\u00e9gales de Ruefli AG. N'h\u00e9sitez pas \u00e0 nous contacter pour toute question ou information compl\u00e9mentaire !","breadcrumb":{"@id":"https:\/\/ruefliag.ch\/fr\/mentions-legales\/#breadcrumb"},"inLanguage":"fr-FR","potentialAction":[{"@type":"ReadAction","target":["https:\/\/ruefliag.ch\/fr\/mentions-legales\/"]}]},{"@type":"BreadcrumbList","@id":"https:\/\/ruefliag.ch\/fr\/mentions-legales\/#breadcrumb","itemListElement":[{"@type":"ListItem","position":1,"name":"Startseite","item":"https:\/\/ruefliag.ch\/fr\/"},{"@type":"ListItem","position":2,"name":"Mentions l\u00e9gales"}]},{"@type":"WebSite","@id":"https:\/\/ruefliag.ch\/fr\/#website","url":"https:\/\/ruefliag.ch\/fr\/","name":"Ruefli AG","description":"Ihr Klimaanlagenanbieter in Biel","publisher":{"@id":"https:\/\/ruefliag.ch\/fr\/#organization"},"potentialAction":[{"@type":"SearchAction","target":{"@type":"EntryPoint","urlTemplate":"https:\/\/ruefliag.ch\/fr\/?s={search_term_string}"},"query-input":{"@type":"PropertyValueSpecification","valueRequired":true,"valueName":"search_term_string"}}],"inLanguage":"fr-FR"},{"@type":"Organization","@id":"https:\/\/ruefliag.ch\/fr\/#organization","name":"Ruefli AG\/SA","url":"https:\/\/ruefliag.ch\/fr\/","logo":{"@type":"ImageObject","inLanguage":"fr-FR","@id":"https:\/\/ruefliag.ch\/fr\/#\/schema\/logo\/image\/","url":"https:\/\/ruefliag.ch\/wp-content\/uploads\/logo.jpg","contentUrl":"https:\/\/ruefliag.ch\/wp-content\/uploads\/logo.jpg","width":1262,"height":330,"caption":"Ruefli AG\/SA"},"image":{"@id":"https:\/\/ruefliag.ch\/fr\/#\/schema\/logo\/image\/"}}]}},"_links":{"self":[{"href":"https:\/\/ruefliag.ch\/fr\/wp-json\/wp\/v2\/pages\/216340","targetHints":{"allow":["GET"]}}],"collection":[{"href":"https:\/\/ruefliag.ch\/fr\/wp-json\/wp\/v2\/pages"}],"about":[{"href":"https:\/\/ruefliag.ch\/fr\/wp-json\/wp\/v2\/types\/page"}],"author":[{"embeddable":true,"href":"https:\/\/ruefliag.ch\/fr\/wp-json\/wp\/v2\/users\/1"}],"replies":[{"embeddable":true,"href":"https:\/\/ruefliag.ch\/fr\/wp-json\/wp\/v2\/comments?post=216340"}],"version-history":[{"count":6,"href":"https:\/\/ruefliag.ch\/fr\/wp-json\/wp\/v2\/pages\/216340\/revisions"}],"predecessor-version":[{"id":216361,"href":"https:\/\/ruefliag.ch\/fr\/wp-json\/wp\/v2\/pages\/216340\/revisions\/216361"}],"wp:attachment":[{"href":"https:\/\/ruefliag.ch\/fr\/wp-json\/wp\/v2\/media?parent=216340"}],"curies":[{"name":"wp","href":"https:\/\/api.w.org\/{rel}","templated":true}]}}